{"id":906,"date":"2009-11-19T09:28:21","date_gmt":"2009-11-19T14:28:21","guid":{"rendered":"http:\/\/richardaseguin.com\/fra\/?page_id=18"},"modified":"2015-02-21T20:42:08","modified_gmt":"2015-02-21T19:42:08","slug":"discographie-2","status":"publish","type":"page","link":"http:\/\/richardaseguin.com\/fra\/?page_id=906","title":{"rendered":"Discographie"},"content":{"rendered":"<p><a title=\"Entre deux h\u00e9misph\u00e8res\" href=\"http:\/\/richardaseguin.com\/fra\/?page_id=911\">Entre deux h\u00e9misph\u00e8res<\/a> (2010)<br \/>\nUn m\u00e9nage \u00e0 trois\u2026 guitares (acoustique, \u00e9lectrique, MIDI). Des compositions plus sophistiqu\u00e9es et une production plus ambitieuse pour ce projet r\u00e9alis\u00e9 enti\u00e8rement par Pentafolio.<\/p>\n<p><img loading=\"lazy\" decoding=\"async\" class=\"alignleft size-full wp-image-103\" style=\"margin: 3px 20px 0px 0px;\" title=\"degel\" src=\"http:\/\/richardaseguin.com\/fra\/wp-content\/uploads\/2009\/11\/degel.png\" alt=\"D\u00e9gel\" width=\"150\" height=\"150\" \/><\/p>\n<p><a title=\"D\u00e9gel\" href=\"http:\/\/richardaseguin.com\/fra\/?page_id=912\">D\u00e9gel<\/a>\u00a0\u2014 Musique du vide urbain (2007)<br \/>\nPremi\u00e8re excursion dans le monde de l&rsquo;enregistrement num\u00e9rique et des instruments virtuels. Influenc\u00e9 par la musique mondiale, ce CD est nomin\u00e9 pour meilleur disque instrumental au Gala 2009 de l&rsquo;APCM.<\/p>\n<p><img loading=\"lazy\" decoding=\"async\" class=\"size-full wp-image-102 alignright\" style=\"margin: 0px 0px 0px 20px;\" title=\"Chants de pierre\" src=\"http:\/\/richardaseguin.com\/fra\/wp-content\/uploads\/2009\/11\/chants-pierre.png\" alt=\"chants-pierre\" width=\"150\" height=\"150\" \/><\/p>\n<p><a title=\"Chants de pierre\" href=\"http:\/\/richardaseguin.com\/fra\/?page_id=907\">Chants de pierre<\/a>\u00a0(2004)<br \/>\nDes pi\u00e8ces compos\u00e9es en 1979-1980 qui ont pris pr\u00e8sque 25 ans pour voir le jour. Des compositions qui rendent hommage \u00e0 plusieurs de mes guitaristes pr\u00e9fer\u00e9s tout en poursuivant le th\u00e8me de Eau de source. Nomin\u00e9 pour meilleur disque instrumental au Gala 2005 de l&rsquo;APCM.<\/p>\n<p><img loading=\"lazy\" decoding=\"async\" class=\"alignleft size-full wp-image-108\" style=\"margin: 3px 20px 0px 0px;\" title=\"Eau de source\" src=\"http:\/\/richardaseguin.com\/fra\/wp-content\/uploads\/2009\/11\/eau-source.png\" alt=\"eau-source\" width=\"150\" height=\"150\" \/><\/p>\n<p><a title=\"Eau de source\" href=\"http:\/\/richardaseguin.com\/fra\/?page_id=908\">Eau de source<\/a>\u00a0(1978)<br \/>\nUne collection de 25 pi\u00e8ces divis\u00e9es en solos et duos avec Marc Beneteau. Une lettre d&rsquo;amour adress\u00e9e \u00e0 Rockland et les comt\u00e9s unis de Prescott-Russell.<\/p>\n<p><img loading=\"lazy\" decoding=\"async\" class=\"size-full wp-image-117 alignright\" style=\"margin: 0px 0px 20px 0px;\" title=\"Rumeurs dans la basse-cour\" src=\"http:\/\/richardaseguin.com\/fra\/wp-content\/uploads\/2009\/11\/rumeurs-basse-cour.png\" alt=\"rumeurs-basse-cour\" width=\"150\" height=\"150\" \/><\/p>\n<p><a title=\"Rumeurs dans la basse-cour\" href=\"http:\/\/richardaseguin.com\/fra\/?page_id=909\">Rumeurs dans la basse-cour<\/a>\u00a0(1976)<br \/>\nAvec l&rsquo;aide d&rsquo;amis musiciens, une saveur rurale s&rsquo;introduit dans ma musique. Une \u00e9closion de libert\u00e9 artistique et une transition vers des arrangements plus ambitieux.<\/p>\n<p><img loading=\"lazy\" decoding=\"async\" class=\"alignleft size-full wp-image-62\" style=\"margin: 0px 20px 0px 0px;\" title=\"Premi\u00e8re chute\" src=\"http:\/\/richardaseguin.com\/fra\/wp-content\/uploads\/2009\/11\/permiere-chute.png\" alt=\"permiere-chute\" width=\"150\" height=\"150\" \/><\/p>\n<p><a title=\"Premi\u00e8re chute\" href=\"http:\/\/richardaseguin.com\/fra\/?page_id=910\">Premi\u00e8re chute<\/a>\u00a0(1975)<br \/>\nUn projet artisanal pour \u00e9tablir ind\u00e9pendamment ma musique comme \u00e9l\u00e9ment de la culture franco-ontarienne de Prescott-Russell. Des compositions aussi innocentes qu&rsquo;enj\u00f4leuses.<\/p>\n<p><a href=\"http:\/\/richardaseguin.com\/fra\/wp-content\/uploads\/2012\/10\/Onze-tableaux.pdf\" target=\"_blank\">Histoire en onze tableaux<\/a> (PDF)<\/p>\n","protected":false},"excerpt":{"rendered":"<p>Entre deux h\u00e9misph\u00e8res (2010) Un m\u00e9nage \u00e0 trois\u2026 guitares (acoustique, \u00e9lectrique, MIDI). Des compositions plus sophistiqu\u00e9es et une production plus ambitieuse pour ce projet r\u00e9alis\u00e9 enti\u00e8rement par Pentafolio. D\u00e9gel\u00a0\u2014 Musique du vide urbain (2007) Premi\u00e8re excursion dans le monde de l&rsquo;enregistrement num\u00e9rique et des instruments virtuels. Influenc\u00e9 par la musique mondiale, ce CD est nomin\u00e9 [&hellip;]<\/p>\n","protected":false},"author":1,"featured_media":0,"parent":0,"menu_order":2,"comment_status":"closed","ping_status":"closed","template":"page_static.php","meta":{"footnotes":""},"_links":{"self":[{"href":"http:\/\/richardaseguin.com\/fra\/index.php?rest_route=\/wp\/v2\/pages\/906"}],"collection":[{"href":"http:\/\/richardaseguin.com\/fra\/index.php?rest_route=\/wp\/v2\/pages"}],"about":[{"href":"http:\/\/richardaseguin.com\/fra\/index.php?rest_route=\/wp\/v2\/types\/page"}],"author":[{"embeddable":true,"href":"http:\/\/richardaseguin.com\/fra\/index.php?rest_route=\/wp\/v2\/users\/1"}],"replies":[{"embeddable":true,"href":"http:\/\/richardaseguin.com\/fra\/index.php?rest_route=%2Fwp%2Fv2%2Fcomments&post=906"}],"version-history":[{"count":3,"href":"http:\/\/richardaseguin.com\/fra\/index.php?rest_route=\/wp\/v2\/pages\/906\/revisions"}],"predecessor-version":[{"id":1085,"href":"http:\/\/richardaseguin.com\/fra\/index.php?rest_route=\/wp\/v2\/pages\/906\/revisions\/1085"}],"wp:attachment":[{"href":"http:\/\/richardaseguin.com\/fra\/index.php?rest_route=%2Fwp%2Fv2%2Fmedia&parent=906"}],"curies":[{"name":"wp","href":"https:\/\/api.w.org\/{rel}","templated":true}]}}